{"id":113,"date":"2010-05-01T15:02:49","date_gmt":"2010-05-01T15:02:49","guid":{"rendered":"http:\/\/michelmontlahuc.wordpress.com\/?page_id=2"},"modified":"2019-11-08T10:23:58","modified_gmt":"2019-11-08T09:23:58","slug":"apropos","status":"publish","type":"page","link":"https:\/\/www.couteaux-montlahuc.com\/?page_id=113","title":{"rendered":"A propos"},"content":{"rendered":"<p>Bienvenue sur ce site qui pr\u00e9sente mon activit\u00e9 artisanale. Vous connaissez les <strong>Opinel customs<\/strong> mais au fil du temps mon travail s\u2019est diversifi\u00e9 avec les <strong>Victorinox customs<\/strong>, et plus occasionnellement la customisation de couteaux d\u2019autres marques internationales. Ensuite est venue s\u2019ajouter la r\u00e9alisation de lames en <strong>stock removal<\/strong> (enl\u00e8vement de mati\u00e8re), que ce soit pour des couteaux pliants ou des fixes.<\/p>\n<p>De l\u2019utilitaire aux pi\u00e8ces de collection, les possibilit\u00e9s sont infinies. L\u2019id\u00e9al \u00e9tant bien s\u00fbr d\u2019associer votre cr\u00e9ativit\u00e9 aux projets les plus \u00e9labor\u00e9s, de mani\u00e8re \u00e0 obtenir un r\u00e9sultat \u00e0 la hauteur de vos attentes.<\/p>\n<p>Tous les mod\u00e8les pr\u00e9sent\u00e9s sont enti\u00e8rement r\u00e9alis\u00e9s de mani\u00e8re artisanale, avec un soin particulier apport\u00e9 aux ajustages et \u00e0 la finition. Votre confiance sans cesse renouvel\u00e9e est le meilleur encouragement pour continuer \u00e0 cr\u00e9er, \u00e0 rechercher des mat\u00e9riaux rares ou innovants ou \u00e0 d\u00e9velopper des styles originaux.<br \/>\nJe reste \u00e0 votre \u00e9coute pour toute pr\u00e9cision.<\/p>\n<p style=\"text-align: right;\">Bonne visite.<\/p>\n<p style=\"text-align: center;\"><a href=\"http:\/\/www.couteaux-montlahuc.com\/WordPress3\/wp-content\/uploads\/2010\/05\/agrement-Opinel.jpg\"><img loading=\"lazy\" decoding=\"async\" data-attachment-id=\"184\" data-permalink=\"https:\/\/www.couteaux-montlahuc.com\/?attachment_id=184\" data-orig-file=\"https:\/\/www.couteaux-montlahuc.com\/WordPress3\/wp-content\/uploads\/2010\/05\/agrement-Opinel.jpg\" data-orig-size=\"709,147\" data-comments-opened=\"0\" data-image-meta=\"{&quot;aperture&quot;:&quot;6.96&quot;,&quot;credit&quot;:&quot;&quot;,&quot;camera&quot;:&quot;DC3320&quot;,&quot;caption&quot;:&quot;&quot;,&quot;created_timestamp&quot;:&quot;947224219&quot;,&quot;copyright&quot;:&quot;&quot;,&quot;focal_length&quot;:&quot;0&quot;,&quot;iso&quot;:&quot;100&quot;,&quot;shutter_speed&quot;:&quot;0.02&quot;,&quot;title&quot;:&quot;Premier Exif JPEG&quot;}\" data-image-title=\"Agr\u00e9ment Opinel\" data-image-description=\"&lt;p&gt;Tous les couteaux sont r\u00e9alis\u00e9s avec l&amp;rsquo;autorisation de la soci\u00e9t\u00e9 Opinel, propri\u00e9taire du mod\u00e8le.&lt;\/p&gt;\n\" data-image-caption=\"\" data-medium-file=\"https:\/\/www.couteaux-montlahuc.com\/WordPress3\/wp-content\/uploads\/2010\/05\/agrement-Opinel-300x62.jpg\" data-large-file=\"https:\/\/www.couteaux-montlahuc.com\/WordPress3\/wp-content\/uploads\/2010\/05\/agrement-Opinel.jpg\" class=\"aligncenter size-medium wp-image-184\" title=\"Agr\u00e9ment Opinel\" src=\"http:\/\/www.couteaux-montlahuc.com\/WordPress3\/wp-content\/uploads\/2010\/05\/agrement-Opinel-300x62.jpg\" alt=\"Agr\u00e9ment Opinel\" width=\"300\" height=\"62\" srcset=\"https:\/\/www.couteaux-montlahuc.com\/WordPress3\/wp-content\/uploads\/2010\/05\/agrement-Opinel-300x62.jpg 300w, https:\/\/www.couteaux-montlahuc.com\/WordPress3\/wp-content\/uploads\/2010\/05\/agrement-Opinel.jpg 709w\" sizes=\"auto, (max-width: 300px) 100vw, 300px\" \/><\/a><\/p>\n<p><strong>Important<\/strong> :<\/p>\n<p>Le travail de customisation est r\u00e9alis\u00e9 sans aucune affiliation avec les fabricants des couteaux concern\u00e9s* mais toujours avec le souci de mettre en valeur le produit. En toute logique, les couteaux customis\u00e9s ne sont plus garantis par leur fabricant \u00e0 cause des modifications apport\u00e9es. En cas de probl\u00e8me vous pouvez me contacter pour trouver une solution.<\/p>\n<p>Les mod\u00e8les pr\u00e9sent\u00e9s sont pour la plupart r\u00e9alis\u00e9s sur commande. Je dispose de tr\u00e8s peu de stock. N\u2019h\u00e9sitez pas \u00e0 vous renseigner par mail ou MP pour les possibilit\u00e9s de r\u00e9alisation (mod\u00e8les, mat\u00e9riaux, d\u00e9lais&#8230;).<\/p>\n<p>*\u00a0: Les Opinel customs sont r\u00e9alis\u00e9s avec l\u2019autorisation de Opinel SAS, propri\u00e9taire du mod\u00e8le.<\/p>\n","protected":false},"excerpt":{"rendered":"<p>Bienvenue sur ce site qui pr\u00e9sente mon activit\u00e9 artisanale. Vous connaissez les Opinel customs mais au fil du temps mon travail s\u2019est diversifi\u00e9 avec les Victorinox customs, et plus occasionnellement la customisation de couteaux d\u2019autres marques internationales. Ensuite est venue s\u2019ajouter la r\u00e9alisation de lames en stock removal (enl\u00e8vement de mati\u00e8re), que ce soit pour [&hellip;]<\/p>\n","protected":false},"author":1,"featured_media":0,"parent":0,"menu_order":0,"comment_status":"closed","ping_status":"open","template":"","meta":{"om_disable_all_campaigns":false,"_monsterinsights_skip_tracking":false,"_monsterinsights_sitenote_active":false,"_monsterinsights_sitenote_note":"","_monsterinsights_sitenote_category":0,"_uf_show_specific_survey":0,"_uf_disable_surveys":false,"jetpack_post_was_ever_published":false,"footnotes":""},"class_list":["post-113","page","type-page","status-publish","hentry"],"aioseo_notices":[],"jetpack_sharing_enabled":true,"jetpack_shortlink":"https:\/\/wp.me\/P1Ny4E-1P","jetpack_likes_enabled":true,"_links":{"self":[{"href":"https:\/\/www.couteaux-montlahuc.com\/index.php?rest_route=\/wp\/v2\/pages\/113","targetHints":{"allow":["GET"]}}],"collection":[{"href":"https:\/\/www.couteaux-montlahuc.com\/index.php?rest_route=\/wp\/v2\/pages"}],"about":[{"href":"https:\/\/www.couteaux-montlahuc.com\/index.php?rest_route=\/wp\/v2\/types\/page"}],"author":[{"embeddable":true,"href":"https:\/\/www.couteaux-montlahuc.com\/index.php?rest_route=\/wp\/v2\/users\/1"}],"replies":[{"embeddable":true,"href":"https:\/\/www.couteaux-montlahuc.com\/index.php?rest_route=%2Fwp%2Fv2%2Fcomments&post=113"}],"version-history":[{"count":7,"href":"https:\/\/www.couteaux-montlahuc.com\/index.php?rest_route=\/wp\/v2\/pages\/113\/revisions"}],"predecessor-version":[{"id":555,"href":"https:\/\/www.couteaux-montlahuc.com\/index.php?rest_route=\/wp\/v2\/pages\/113\/revisions\/555"}],"wp:attachment":[{"href":"https:\/\/www.couteaux-montlahuc.com\/index.php?rest_route=%2Fwp%2Fv2%2Fmedia&parent=113"}],"curies":[{"name":"wp","href":"https:\/\/api.w.org\/{rel}","templated":true}]}}