{"id":147,"date":"2011-09-25T23:51:12","date_gmt":"2011-09-25T21:51:12","guid":{"rendered":"http:\/\/www.couteaux-montlahuc.com\/?page_id=147"},"modified":"2019-11-08T10:23:58","modified_gmt":"2019-11-08T09:23:58","slug":"ma-gamme-dopinel-customs","status":"publish","type":"page","link":"https:\/\/www.couteaux-montlahuc.com\/?page_id=147","title":{"rendered":"Ma gamme d&rsquo;Opinel customs"},"content":{"rendered":"<p>Tout d&rsquo;abord, la plupart des mod\u00e8les d&rsquo;Opinel peuvent \u00eatre d\u00e9clin\u00e9s en version custom. C&rsquo;est valable aussi bien pour les classiques, que les effil\u00e9s et les outils de la gamme jardin, dans toutes les tailles.<\/p>\n<p>Un custom peut aussi bien \u00eatre un compagnon de tous les jours, qu&rsquo;une pi\u00e8ce de collection. Voici un aper\u00e7u des principales possibilit\u00e9s.<\/p>\n<p>Tous les mod\u00e8les comprennent une lame inox guilloch\u00e9e avec un motif au choix. Possibilit\u00e9 de lames en acier au carbone sur demande.<\/p>\n<p>Ce site est avant tout une vitrine, il n&rsquo;y a pas de prix indiqu\u00e9s. Je vous renseignerai sur demande. Les prix sont toujours calcul\u00e9s au plus juste et n&rsquo;ont rien \u00e0 voir avec ceux que vous pouvez lire sur certains sites et forums.<\/p>\n<h1>Les mat\u00e9riaux<\/h1>\n<p>Tout commence avec un mat\u00e9riau brut, que ce soit un morceau de bois de cervid\u00e9s, de corne, un carrelet de bois exotique ou de pays, ou m\u00eame de mat\u00e9riau synth\u00e9tique. Chaque cat\u00e9gorie de mat\u00e9riau se travaille d&rsquo;une mani\u00e8re particuli\u00e8re. Les bois de cervid\u00e9s sont fa\u00e7onn\u00e9s manuellement \u00e0 la bande abrasive, alors que les bois ou les mat\u00e9riaux synth\u00e9tiques sont tourn\u00e9s.<\/p>\n<div class=\"mceTemp mceIEcenter\">\n<dl id=\"attachment_271\" class=\"wp-caption aligncenter\" style=\"width: 310px;\">\n<dt><a href=\"http:\/\/www.couteaux-montlahuc.com\/WordPress3\/wp-content\/uploads\/2011\/12\/Mat%C3%A9riaux.jpg\"><img loading=\"lazy\" decoding=\"async\" title=\"Quelques mat\u00e9riaux :  Bois de cervid\u00e9s, bois naturels, mat\u00e9riaux synth\u00e9tiques\" src=\"http:\/\/www.couteaux-montlahuc.com\/WordPress3\/wp-content\/uploads\/2011\/12\/Mat%C3%A9riaux-300x150.jpg\" alt=\"Quelques mat\u00e9riaux pour de futurs manches d'Opinel\" width=\"300\" height=\"150\" \/><\/a><\/dt>\n<dd>Un \u00e9ventail des mat\u00e9riaux disponibles<\/dd>\n<dd><\/dd>\n<\/dl>\n<\/div>\n<h1>La gamme<\/h1>\n<p style=\"text-align: center;\"><span style=\"text-decoration: underline;\">Le bois de cerf<\/span>\u00a0 (ainsi que bois de renne ou de chevreuil) :<\/p>\n<p align=\"center\"><img loading=\"lazy\" decoding=\"async\" src=\"http:\/\/montlahuc.michel.free.fr\/images\/cerf\/8VRN%20cerf%20classique.jpg\" alt=\"Opinel N\u00b08 en bois de cerf\" width=\"369\" height=\"177\" border=\"0\" \/><\/p>\n<p align=\"center\">Un mod\u00e8le en bois de cerf est l&rsquo;utilitaire par excellence. Robuste et sans entretien, il vous accompagnera dans toutes vos activit\u00e9s de plein air. On peut utiliser la pointe d&rsquo;un andouiller (comme ci-dessus) ou la partie cylindrique, voire un merrain pour les plus grandes tailles.<\/p>\n<p style=\"text-align: center;\" align=\"center\"><span style=\"text-decoration: underline;\">La corne<\/span> :<\/p>\n<p align=\"center\"><img loading=\"lazy\" decoding=\"async\" src=\"http:\/\/montlahuc.michel.free.fr\/images\/corne\/7VRN%20corne%20jaspee.jpg\" alt=\"Opinel N\u00b07 en corne jasp\u00e9e\" width=\"369\" height=\"168\" border=\"0\" \/><\/p>\n<p align=\"center\">Bien que plus fragile, la corne conserve ses amateurs. La beaut\u00e9 des diff\u00e9rentes nuances disponibles reste tr\u00e8s appr\u00e9ci\u00e9e.\u00a0 Le choix se limitera principalement au buffle d&rsquo;eau du Vietnam (corne noire) ou au z\u00e9bu (corne noire ou blonde), bien qu&rsquo;il existe d&rsquo;autres esp\u00e8ces.<\/p>\n<p style=\"text-align: center;\" align=\"center\"><span style=\"text-decoration: underline;\">Le bois<\/span> :<\/p>\n<p align=\"center\"><img loading=\"lazy\" decoding=\"async\" src=\"http:\/\/montlahuc.michel.free.fr\/images\/bois\/8VRN%20ebene%20spirale.jpg\" alt=\"Opinel N\u00b08 en \u00e9b\u00e8ne sculpt\u00e9\" width=\"369\" height=\"209\" border=\"0\" \/><\/p>\n<p align=\"center\">Le bois est le mat\u00e9riau le plus utilis\u00e9 pour les manches. Le choix est tr\u00e8s vaste, entre les bois de pays et les exotiques. De nombreuses essences peuvent \u00eatre sculpt\u00e9es. Les bois fragiles (loupes, ronces, bois \u00e9chauff\u00e9s) sont disponibles en version stabilis\u00e9e pour combiner esth\u00e9tique et solidit\u00e9.<\/p>\n<p style=\"text-align: center;\" align=\"center\"><span style=\"text-decoration: underline;\">Les marqueteries<\/span> :<\/p>\n<p align=\"center\"><img loading=\"lazy\" decoding=\"async\" src=\"http:\/\/montlahuc.michel.free.fr\/images\/marqueterie\/8VRI%20pernambouc%20ipe%20olivier%20buffle.jpg\" alt=\"Opinel N\u00b08 manche en marqueterie massive (pernambouc, ip\u00e9, olivier, corne)\" width=\"370\" height=\"133\" border=\"0\" \/><\/p>\n<p align=\"center\">Les mod\u00e8les avec des marqueteries massives permettent d&rsquo;associer diverses essences de bois entre elles ou aux mat\u00e9riaux d&rsquo;originale animale et m\u00eame aux mati\u00e8res synth\u00e9tiques. L&rsquo;assemblage est r\u00e9alis\u00e9 de mani\u00e8re \u00e0 assurer la solidit\u00e9 du couteau. Il n&rsquo;y a pas de diff\u00e9rence avec un manche d&rsquo;une seule essence.<\/p>\n<p style=\"text-align: center;\" align=\"center\"><span style=\"text-decoration: underline;\">Les mat\u00e9riaux pr\u00e9cieux<\/span> :<\/p>\n<p align=\"center\"><img loading=\"lazy\" decoding=\"async\" src=\"http:\/\/montlahuc.michel.free.fr\/images\/autresmateriaux\/8VRI%20phacochere%20luxe.jpg\" alt=\"Opinel N\u00b08 en dent de phacoch\u00e8re\" width=\"369\" height=\"96\" border=\"0\" \/><\/p>\n<p align=\"center\">Les mat\u00e9riaux pr\u00e9cieux habillent avec \u00e9l\u00e9gance un manche d&rsquo;Opinel. Mon choix se limite aux mat\u00e9riaux non soumis \u00e0 la r\u00e9glementation. Ceci permet de b\u00e9n\u00e9ficier de mat\u00e9riaux haut de gamme sans mettre en danger certaines esp\u00e8ces animales.<\/p>\n<p style=\"text-align: center;\" align=\"center\"><span style=\"text-decoration: underline;\">Les mat\u00e9riaux synth\u00e9tiques<\/span> :<\/p>\n<p align=\"center\"><img loading=\"lazy\" decoding=\"async\" src=\"http:\/\/montlahuc.michel.free.fr\/images\/autresmateriaux\/8VRI%20elforyn.jpg\" alt=\"\" width=\"369\" height=\"140\" border=\"0\" \/><\/p>\n<p align=\"center\"><img loading=\"lazy\" decoding=\"async\" src=\"http:\/\/montlahuc.michel.free.fr\/images\/autresmateriaux\/8VRI%20elforyn%20b.jpg\" alt=\"\" width=\"369\" height=\"89\" border=\"0\" \/><\/p>\n<p align=\"center\">Toujours dans l&rsquo;esprit de r\u00e9alisations luxueuses, les mat\u00e9riaux synth\u00e9tiques constituent un excellent substitut \u00e0 l&rsquo;ivoire. Certains d&rsquo;entre eux, comme ici l&rsquo;Elforyn, permettent des sculptures tr\u00e8s fines.<\/p>\n<p align=\"center\">On trouve \u00e9galement des r\u00e9sines acrylique ou polyester qui apportent une touche color\u00e9e, en imitant des mat\u00e9riaux naturels ou en cr\u00e9ant des effets de couleurs dans un style beaucoup plus moderne. L&rsquo;offre est en constante \u00e9volution.<\/p>\n<p align=\"center\"><span style=\"text-decoration: underline;\"><strong>Un travail personnalis\u00e9<\/strong><\/span><\/p>\n<p align=\"center\">Une r\u00e9alisation sur mesure permettra de concr\u00e9tiser vos id\u00e9es les plus originales. Mat\u00e9riaux particuliers (que ce soit pour un plein manche ou dans la composition d&rsquo;un assemblage), sculpture, scrimshaw&#8230; le choix est presque illimit\u00e9.<\/p>\n<p align=\"center\"><img loading=\"lazy\" decoding=\"async\" src=\"http:\/\/montlahuc.michel.free.fr\/images\/marqueterie\/8VRI%20cerf%20amboine%20chamois.jpg\" alt=\"Opinel N\u00b08 en bois de cerf, loupe d'amboine et corne de chamois\" width=\"624\" height=\"341\" border=\"0\" \/><\/p>\n","protected":false},"excerpt":{"rendered":"<p>Tout d&rsquo;abord, la plupart des mod\u00e8les d&rsquo;Opinel peuvent \u00eatre d\u00e9clin\u00e9s en version custom. C&rsquo;est valable aussi bien pour les classiques, que les effil\u00e9s et les outils de la gamme jardin, dans toutes les tailles. Un custom peut aussi bien \u00eatre un compagnon de tous les jours, qu&rsquo;une pi\u00e8ce de collection. Voici un aper\u00e7u des principales [&hellip;]<\/p>\n","protected":false},"author":1,"featured_media":0,"parent":0,"menu_order":0,"comment_status":"closed","ping_status":"open","template":"","meta":{"om_disable_all_campaigns":false,"_monsterinsights_skip_tracking":false,"_monsterinsights_sitenote_active":false,"_monsterinsights_sitenote_note":"","_monsterinsights_sitenote_category":0,"_uf_show_specific_survey":0,"_uf_disable_surveys":false,"jetpack_post_was_ever_published":false,"footnotes":""},"class_list":["post-147","page","type-page","status-publish","hentry"],"aioseo_notices":[],"jetpack_sharing_enabled":true,"jetpack_shortlink":"https:\/\/wp.me\/P1Ny4E-2n","jetpack_likes_enabled":true,"_links":{"self":[{"href":"https:\/\/www.couteaux-montlahuc.com\/index.php?rest_route=\/wp\/v2\/pages\/147","targetHints":{"allow":["GET"]}}],"collection":[{"href":"https:\/\/www.couteaux-montlahuc.com\/index.php?rest_route=\/wp\/v2\/pages"}],"about":[{"href":"https:\/\/www.couteaux-montlahuc.com\/index.php?rest_route=\/wp\/v2\/types\/page"}],"author":[{"embeddable":true,"href":"https:\/\/www.couteaux-montlahuc.com\/index.php?rest_route=\/wp\/v2\/users\/1"}],"replies":[{"embeddable":true,"href":"https:\/\/www.couteaux-montlahuc.com\/index.php?rest_route=%2Fwp%2Fv2%2Fcomments&post=147"}],"version-history":[{"count":26,"href":"https:\/\/www.couteaux-montlahuc.com\/index.php?rest_route=\/wp\/v2\/pages\/147\/revisions"}],"predecessor-version":[{"id":559,"href":"https:\/\/www.couteaux-montlahuc.com\/index.php?rest_route=\/wp\/v2\/pages\/147\/revisions\/559"}],"wp:attachment":[{"href":"https:\/\/www.couteaux-montlahuc.com\/index.php?rest_route=%2Fwp%2Fv2%2Fmedia&parent=147"}],"curies":[{"name":"wp","href":"https:\/\/api.w.org\/{rel}","templated":true}]}}